{"id":4467,"date":"2021-06-06T19:31:44","date_gmt":"2021-06-06T19:31:44","guid":{"rendered":"https:\/\/eyesland.webdev.is\/?page_id=4467"},"modified":"2023-04-28T11:32:31","modified_gmt":"2023-04-28T11:32:31","slug":"skilmalar","status":"publish","type":"page","link":"https:\/\/dutyfree.eyesland.is\/en\/skilmalar\/","title":{"rendered":"Terms and conditions"},"content":{"rendered":"<div style=\"height:30px\" aria-hidden=\"true\" class=\"wp-block-spacer\"><\/div>\n\n\n\n<p class=\"has-large-font-size\"><strong>Notendaskilm\u00e1lar <\/strong><\/p>\n\n\n\n<div style=\"height:30px\" aria-hidden=\"true\" class=\"wp-block-spacer\"><\/div>\n\n\n\n<p>\u00deessir skilm\u00e1lar gilda um s\u00f6lu \u00e1 v\u00f6rum og \u00fej\u00f3nustu Eyesland til neytenda.<\/p>\n\n\n\n<p>Eyesland.is og Eyesland gleraugnaverslanir eru reknar af Provision ehf., kt. 650507-3200, Grandagar\u00f0i 13, 101 Reykjav\u00edk, vir\u00f0isaukaskattsn\u00famer: 98627. Eyesland er \u00fej\u00f3nustua\u00f0ili fyrir allar v\u00f6rur og \u00fej\u00f3nustu sem fer \u00ed gegnum vefinn eyesland.is og\u00a0 dutyfree.eyesland.is<\/p>\n\n\n\n<div style=\"height:50px\" aria-hidden=\"true\" class=\"wp-block-spacer\"><\/div>\n\n\n\n<p><strong>Afhending v\u00f6ru<\/strong><\/p>\n\n\n\n<p>Allar pantanir eru afgreiddar n\u00e6sta virka dag eftir a\u00f0 p\u00f6ntun er tilb\u00fain. \u00dea\u00f0 getur teki\u00f0 nokkra daga a\u00f0 undirb\u00faa v\u00f6ru \u00e1\u00f0ur en h\u00fan er tilb\u00fain til sendingar ef um s\u00e9rpanta\u00f0 gler e\u00f0a linsur sem ekki eru til \u00e1 lager er a\u00f0 r\u00e6\u00f0a.<\/p>\n\n\n\n<p>\u00d6llum p\u00f6ntunum er dreift af \u00cdslandsp\u00f3sti og gilda afhendingar-, \u00e1byrg\u00f0ar- og flutningsskilm\u00e1lar \u00cdslandsp\u00f3sts um afhendingu v\u00f6runnar. Eyesland ber samkv\u00e6mt \u00feessu enga \u00e1byrg\u00f0 \u00e1 t\u00fdndum sendingum e\u00f0a tj\u00f3ni sem kann a\u00f0 ver\u00f0a \u00e1 v\u00f6ru \u00ed flutningi. Ef vara t\u00fdnist \u00ed p\u00f3sti e\u00f0a ver\u00f0ur fyrir tj\u00f3ni fr\u00e1 \u00fev\u00ed a\u00f0 h\u00fan er send fr\u00e1 Eyesland til vi\u00f0komandi er tj\u00f3ni\u00f0 \u00e1 \u00e1byrg\u00f0 kaupanda.<\/p>\n\n\n\n<div style=\"height:35px\" aria-hidden=\"true\" class=\"wp-block-spacer\"><\/div>\n\n\n\n<p><strong>Ver\u00f0 \u00e1 v\u00f6ru og sendingakostna\u00f0ur<\/strong><\/p>\n\n\n\n<p>Allar pantanir eru afgreiddar n\u00e6sta virka dag eftir a\u00f0 p\u00f6ntun er tilb\u00fain. \u00dea\u00f0 getur teki\u00f0 nokkra daga a\u00f0 undirb\u00faa v\u00f6ru \u00e1\u00f0ur en h\u00fan er tilb\u00fain til sendingar ef um s\u00e9rpanta\u00f0 gler e\u00f0a linsur sem ekki eru til \u00e1 lager er a\u00f0 r\u00e6\u00f0a.<\/p>\n\n\n\n<p>\u00d6llum p\u00f6ntunum er dreift af \u00cdslandsp\u00f3sti og gilda afhendingar-, \u00e1byrg\u00f0ar- og flutningsskilm\u00e1lar \u00cdslandsp\u00f3sts um afhendingu v\u00f6runnar. Eyesland ber samkv\u00e6mt \u00feessu enga \u00e1byrg\u00f0 \u00e1 t\u00fdndum sendingum e\u00f0a tj\u00f3ni sem kann a\u00f0 ver\u00f0a \u00e1 v\u00f6ru \u00ed flutningi. Ef vara t\u00fdnist \u00ed p\u00f3sti e\u00f0a ver\u00f0ur fyrir tj\u00f3ni fr\u00e1 \u00fev\u00ed a\u00f0 h\u00fan er send fr\u00e1 Eyesland til vi\u00f0komandi er tj\u00f3ni\u00f0 \u00e1 \u00e1byrg\u00f0 kaupanda.<\/p>\n\n\n\n<div style=\"height:35px\" aria-hidden=\"true\" class=\"wp-block-spacer\"><\/div>\n\n\n\n<p><strong>Afsl\u00e1ttar- og kynningark\u00f3\u00f0ar<\/strong><\/p>\n\n\n\n<p>Eyesland getur t\u00edmabundi\u00f0 bo\u00f0i\u00f0 kynningarver\u00f0 og afsl\u00e1tt, me\u00f0 e\u00f0a \u00e1n kynningark\u00f3\u00f0a. Afsl\u00e6ttir me\u00f0 k\u00f3\u00f0a eru almennt eing\u00f6ngu gildir einu sinni. \u00deegar k\u00f3\u00f0inn er nota\u00f0ur ver\u00f0ur hann \u00f3virkur.<\/p>\n\n\n\n<p>Ekki er h\u00e6gt a\u00f0 b\u00e6ta vi\u00f0 afsl\u00e6tti \u00ed p\u00f6ntun eftir a\u00f0 h\u00fan er sta\u00f0fest. \u00deess vegna \u00fearf a\u00f0 tryggja a\u00f0 allar uppl\u00fdsingar um sl\u00edkt s\u00e9u skr\u00e1\u00f0ar \u00e1\u00f0ur en p\u00f6ntun er sta\u00f0fest og greidd. Eyesland tekur ekki \u00e1byrg\u00f0 \u00e1 kynningum sem birtar eru \u00e1 vefs\u00ed\u00f0um \u00feri\u00f0ja a\u00f0ila. Eyesland \u00e1skilur s\u00e9r r\u00e9tt til a\u00f0 afturkalla afsl\u00e1tt, kynningarver\u00f0 e\u00f0a kynningark\u00f3\u00f0a hven\u00e6r sem er.<\/p>\n\n\n\n<p>Kynningarafsl\u00e6ttir, a\u00f0rir afsl\u00e6ttir e\u00f0a kynningark\u00f3\u00f0ar \u00ed prentu\u00f0u e\u00f0a stafr\u00e6nu formi (t.d. \u00ed p\u00f3stlista Eyesland) gilda ekki me\u00f0 \u00f6\u00f0rum tilbo\u00f0um nema anna\u00f0 s\u00e9 sk\u00fdrt teki\u00f0 fram. Eyesland \u00e1skilur s\u00e9r \u00fev\u00ed r\u00e9tt til a\u00f0 \u00f3gilda p\u00f6ntun vi\u00f0skiptavinarins ef misnotkun \u00e1 herfer\u00f0um e\u00f0a kynningum ver\u00f0ur vart<\/p>\n\n\n\n<div style=\"height:35px\" aria-hidden=\"true\" class=\"wp-block-spacer\"><\/div>\n\n\n\n<p><strong>A\u00f0 skipta og skila v\u00f6ru<\/strong><\/p>\n\n\n\n<p>Veittur er 14 daga skilar\u00e9ttur vi\u00f0 kaup \u00e1 v\u00f6ru gegn \u00fev\u00ed a\u00f0 framv\u00edsa\u00f0 s\u00e9 s\u00f6lureikningi sem s\u00fdnir me\u00f0 fulln\u00e6gjandi h\u00e6tti hven\u00e6r varan var keypt. Varan \u00fearf a\u00f0 vera \u00f3notu\u00f0, \u00ed fullkomnu lagi og \u00ed s\u00ednum upprunalegu \u00f3skemmdu umb\u00fa\u00f0um \u00feegar henni er skila\u00f0. Ef vara er innsiglu\u00f0 m\u00e1 ekki rj\u00fafa innsigli\u00f0. Vi\u00f0 skil \u00e1 v\u00f6ru er mi\u00f0a\u00f0 vi\u00f0 upprunalegt ver\u00f0 hennar. Ef kaupandi vill ekki skipta v\u00f6runni fyrir a\u00f0ra v\u00f6ru ver\u00f0ur gefin \u00fat inneignarn\u00f3ta eftir a\u00f0 varan er m\u00f3ttekin. Flutnings- og p\u00f3stbur\u00f0argj\u00f6ld eru ekki endurgreidd. S\u00e9 vara g\u00f6llu\u00f0 er vi\u00f0skiptavinum bo\u00f0in n\u00fd vara \u00ed sta\u00f0inn e\u00f0a endurgrei\u00f0sla ef \u00feess er krafist og er sendingakostna\u00f0 einnig endurgreiddur \u00ed \u00feeim tilfellum.&nbsp; A\u00f0 \u00f6\u00f0ru leyti v\u00edsast til laga um h\u00fasg\u00f6ngu og fjars\u00f6lusamninga nr. 46\/2000 og laga um neytendakaup nr. 48\/2003.<\/p>\n\n\n\n<p>Ekki er h\u00e6gt a\u00f0 skila glerjum sem keypt eru og sl\u00edpu\u00f0 s\u00e9rstaklega fyrir vi\u00f0skiptavin. Ef vi\u00f0skiptavinir eru \u00f3s\u00e1ttir vi\u00f0 umgj\u00f6r\u00f0 er h\u00e6gt a\u00f0 koma \u00ed verslanir Eyesland og reynt er a\u00f0 finna a\u00f0ra umgj\u00f6r\u00f0 sem h\u00e6gt er a\u00f0 nota me\u00f0 glerjunum.<\/p>\n\n\n\n<div style=\"height:35px\" aria-hidden=\"true\" class=\"wp-block-spacer\"><\/div>\n\n\n\n<p><strong>Tr\u00fana\u00f0ur (\u00f6ryggisskilm\u00e1lar)<\/strong><\/p>\n\n\n\n<p>Seljandi heitir kaupanda fullum tr\u00fana\u00f0i um allar uppl\u00fdsingar sem hann gefur upp \u00ed tengslum vi\u00f0 vi\u00f0skiptin. Uppl\u00fdsingar ver\u00f0a ekki undir neinum kringumst\u00e6\u00f0um afhentar \u00feri\u00f0ja a\u00f0ila.<\/p>\n\n\n\n<div style=\"height:35px\" aria-hidden=\"true\" class=\"wp-block-spacer\"><\/div>\n\n\n\n<p><strong>L\u00f6g og varnar\u00feing<\/strong><\/p>\n\n\n\n<p>Skilm\u00e1lar \u00feessir eru \u00ed samr\u00e6mi vi\u00f0 \u00edslensk l\u00f6g. R\u00edsi m\u00e1l vegna \u00feeirra skal \u00fea\u00f0 reki\u00f0 fyrir H\u00e9ra\u00f0sd\u00f3mi Reykjav\u00edkur.<\/p>\n\n\n\n<div style=\"height:35px\" aria-hidden=\"true\" class=\"wp-block-spacer\"><\/div>\n\n\n\n<p><strong>Yfirfer\u00f0 \u00e1 v\u00f6ru<\/strong><\/p>\n\n\n\n<p>Eftir a\u00f0 kaupandi hefur m\u00f3tteki\u00f0 p\u00f6ntunina \u00fearf hann a\u00f0 byrja \u00e1 \u00fev\u00ed a\u00f0 kanna hvort h\u00fan s\u00e9 \u00ed samr\u00e6mi vi\u00f0 p\u00f6ntunarsta\u00f0festingu og reikning. Skilm\u00e1lar \u00feessir gera r\u00e1\u00f0 fyrir a\u00f0 kaupandi hafi lesi\u00f0 og kynnt s\u00e9r lei\u00f0beiningar sem fylgja me\u00f0 v\u00f6runni. Ef kaupandi telur a\u00f0 varan s\u00e9 ekki \u00ed samr\u00e6mi vi\u00f0 v\u00f6rul\u00fdsingu \u00fe\u00e1 \u00fearf hann a\u00f0 senda tilkynningu \u00feess efnis me\u00f0 t\u00f6lvup\u00f3sti e\u00f0a hafa samband vi\u00f0 Eyesland. Eyesland \u00e1skilur s\u00e9r r\u00e9tt til a\u00f0 sannreyna sta\u00f0h\u00e6fingu innan sj\u00f6 daga.<\/p>\n\n\n\n<div style=\"height:35px\" aria-hidden=\"true\" class=\"wp-block-spacer\"><\/div>\n\n\n\n<p><strong>Vefp\u00f6ntun<\/strong><\/p>\n\n\n\n<p>P\u00f6ntun eru bindandi \u00feegar h\u00fan er skr\u00e1\u00f0 \u00e1 net\u00fej\u00f3n seljanda. \u00dea\u00f0 gerist \u00feegar kaupandi hefur sta\u00f0fest p\u00f6ntun \u00ed skrefi 3.<\/p>\n\n\n\n<p>Seljandi er einnig bundinn til a\u00f0 afgrei\u00f0a p\u00f6ntun kaupanda svo lengi sem h\u00fan er \u00ed samr\u00e6mi vi\u00f0 v\u00f6ru\u00farval og ver\u00f0lagningu. Allar pantanir \u00fear sem grunur um a\u00f0 br\u00f6g\u00f0 s\u00e9u \u00ed tafli og\/e\u00f0a \u00fear sem hugb\u00fana\u00f0argalli hefur \u00e1hrif eru afturkalla\u00f0ar.<\/p>\n\n\n\n<p>Kaupandi hefur r\u00e9tt \u00e1 a\u00f0 rifta kaupum samkv\u00e6mt l\u00f6gum um neytendakaup nr. 48\/2003.<\/p>\n\n\n\n<p>Seljandi sendir kaupanda sta\u00f0festingu \u00feegar p\u00f6ntun er skr\u00e1\u00f0, \u00fe\u00f3 a\u00f0eins ef a\u00f0 kaupandi hefur skr\u00e1\u00f0 netfang sitt vi\u00f0 kaupin. Kaupanda er bent \u00e1 a\u00f0 kynna s\u00e9r gaumg\u00e6filega p\u00f6ntunarsta\u00f0festingu \u00feegar h\u00fan berst. Einng \u00e6tti a\u00f0 ganga \u00far skugga um a\u00f0 h\u00fan s\u00e9 \u00ed samr\u00e6mi vi\u00f0 fyrirhuga\u00f0a p\u00f6ntun.<\/p>\n\n\n\n<p>Fr\u00e1vik fr\u00e1 p\u00f6ntun og p\u00f6ntunarsta\u00f0festingu skal t\u00falka\u00f0 sem n\u00fdtt tilbo\u00f0 fr\u00e1 seljanda sem a\u00f0 h\u00e6gt er a\u00f0 af\u00feakka e\u00f0a sam\u00feykkja. Kaupandi hefur einnig r\u00e9tt til a\u00f0 l\u00e1ta upprunalega p\u00f6ntun gilda svo lengi sem h\u00fan er \u00ed samr\u00e6mi vi\u00f0 \u00fea\u00f0 sem seljandi bau\u00f0 upp \u00e1.<\/p>\n\n\n\n<p>Provision ehf \u00e1skilur s\u00e9r r\u00e9tt til a\u00f0 h\u00e6tta vi\u00f0 pantanir, t.d. vegna rangra ver\u00f0uppl\u00fdsinga e\u00f0a vegna \u00feess a\u00f0 vara er ekki lengur til \u00ed vefverslun. Einnig er \u00e1skilinn er r\u00e9ttur til a\u00f0 b\u00f3ka\/breyta p\u00f6ntunum s\u00edmlei\u00f0is.<\/p>\n\n\n\n<div style=\"height:35px\" aria-hidden=\"true\" class=\"wp-block-spacer\"><\/div>\n\n\n\n<p><strong>\u00c1skrift \u00e1 linsum<\/strong><\/p>\n\n\n\n<p>L\u00e1gmarks skuldbinding \u00ed \u00e1skrift eru 2 afhendingar af linsum. Uppsagnarfrestur \u00e1skriftar er 1 m\u00e1nu\u00f0ur. S\u00ed\u00f0asta grei\u00f0slan g\u00e6ti komi\u00f0 \u00ed formi kr\u00f6fu \u00ed heimabanka.<\/p>\n\n\n\n<div style=\"height:35px\" aria-hidden=\"true\" class=\"wp-block-spacer\"><\/div>\n\n\n\n<p><strong>Grei\u00f0sla<\/strong><\/p>\n\n\n\n<p>Kredit- e\u00f0a debetkort: Grei\u00f0sla fer fram \u00e1 sama t\u00edma og kaupandi skr\u00e1ir kaup s\u00edn. Grei\u00f0sla me\u00f0 kreditkorti fer fram \u00ed gegnum \u00f6rugga grei\u00f0slug\u00e1tt sem kaupanda er beint sj\u00e1lfkrafa til \u00feegar hann fyllir \u00fat grei\u00f0sluuppl\u00fdsingar. \u00deegar kaupandi sta\u00f0festir uppl\u00fdsingarnar er grei\u00f0slan skuldf\u00e6r\u00f0 af kortinu. Einnig er h\u00e6gt a\u00f0 n\u00fdta s\u00e9r ra\u00f0grei\u00f0slur me\u00f0 kreditkorti.<\/p>\n\n\n\n<div style=\"height:35px\" aria-hidden=\"true\" class=\"wp-block-spacer\"><\/div>\n\n\n\n<p><strong>Skilm\u00e1lar Eyesland um notkun \u00e1 vafrak\u00f6kum (\u201ecookies\u201c)<\/strong><\/p>\n\n\n\n<p><strong>Hva\u00f0 eru vafrak\u00f6kur?<\/strong><\/p>\n\n\n\n<p>Vafrak\u00f6kur eru agnarsm\u00e1ar textaskr\u00e1r sem eru geymdar \u00ed vafranum \u00fe\u00ednum. Vafrak\u00f6kur eru nota\u00f0ar \u00ed margv\u00edslegum tilgangi, \u00fear \u00e1 me\u00f0al til \u00feess a\u00f0 b\u00e6ta virkni vefs\u00ed\u00f0na, til greiningar \u00e1 notkun vefs\u00ed\u00f0na og til a\u00f0 beina augl\u00fdsingum til \u00e1kve\u00f0inna h\u00f3pa e\u00f0a einstaklinga. Vafrak\u00f6kur geta innihaldi\u00f0 texta, n\u00famer e\u00f0a uppl\u00fdsingar eins og dagsetningar, en \u00fear eru engar pers\u00f3nuuppl\u00fdsingar um notendur geymdar.<\/p>\n\n\n\n<div style=\"height:35px\" aria-hidden=\"true\" class=\"wp-block-spacer\"><\/div>\n\n\n\n<p><strong>Notkun Eyesland \u00e1 k\u00f6kum<\/strong><\/p>\n\n\n\n<p>Me\u00f0 \u00fev\u00ed a\u00f0 sam\u00feykkja skilm\u00e1la Eyesland um notkun \u00e1 vafrak\u00f6kum er Eyesland m.a. veitt heimild til \u00feess a\u00f0:<\/p>\n\n\n\n<p>       &#8211; bera kennsl \u00e1 notendur sem hafa komi\u00f0 \u00e1\u00f0ur \u00e1 vefinn og sn\u00ed\u00f0a leit og \u00fej\u00f3nustu vi\u00f0 gestina til samr\u00e6mis  vi\u00f0 au\u00f0kenninguna,<\/p>\n\n\n\n<p>      &#8211; A\u00f0 gera notendum au\u00f0veldara a\u00f0 vafra um vefsv\u00e6\u00f0i\u00f0, til d\u00e6mis me\u00f0 \u00fev\u00ed a\u00f0 muna eftir fyrri a\u00f0ger\u00f0um<\/p>\n\n\n\n<p>     &#8211; A\u00f0 \u00fer\u00f3a og b\u00e6ta \u00fej\u00f3nustu vefsv\u00e6\u00f0isins me\u00f0 \u00fev\u00ed a\u00f0 f\u00e1 inns\u00fdn \u00ed notkun hennar.<\/p>\n\n\n\n<p>    &#8211; A\u00f0 birta notendum augl\u00fdsingar.<\/p>\n\n\n\n<p>Eyesland notar einnig \u00fej\u00f3nustu fr\u00e1 \u00feri\u00f0ja a\u00f0ila til a\u00f0 greina umfer\u00f0 um vefinn, m\u00e6la virkni augl\u00fdsinga og til a\u00f0 birta gestum s\u00e9rsni\u00f0nar augl\u00fdsingar. Til d\u00e6mis m\u00e1 nefna Google Analytics fr\u00e1 Google og Facebook Pixel fr\u00e1 Facebook. Analytics og Pixel safna uppl\u00fdsingum nafnlaust og gefa sk\u00fdrslur um \u00fer\u00f3un \u00e1 vefsv\u00e6\u00f0um \u00e1n \u00feess a\u00f0 greint s\u00e9 fr\u00e1 st\u00f6kum notendum e\u00f0a pers\u00f3nuuppl\u00fdsingum. Google Analytics og Facebook Pixels notar s\u00ednar eigin k\u00f6kur til a\u00f0 fylgjast me\u00f0 samskiptum gesta vi\u00f0 vefsv\u00e6\u00f0i. \u00c1 grundvelli \u00feess \u00e1skilur Eyesland s\u00e9r r\u00e9tt til a\u00f0 birta notendum augl\u00fdsingar \u00ed gegnum endurmarka\u00f0ssetningarkerfi \u00feessara \u00feri\u00f0ju a\u00f0ila.<\/p>\n\n\n\n<div style=\"height:35px\" aria-hidden=\"true\" class=\"wp-block-spacer\"><\/div>\n\n\n\n<p><strong>Geymslut\u00edmi<\/strong><\/p>\n\n\n\n<p>K\u00f6kur fr\u00e1 Eyesland eru geymdar \u00ed allt a\u00f0 24 m\u00e1nu\u00f0i fr\u00e1 \u00fev\u00ed a\u00f0 notandi heims\u00e6kir vefsv\u00e6\u00f0i Eyesland.<\/p>\n\n\n\n<div style=\"height:35px\" aria-hidden=\"true\" class=\"wp-block-spacer\"><\/div>\n\n\n\n<p><strong>Sl\u00f6kkva \u00e1 notkun \u00e1 k\u00f6kum<\/strong><\/p>\n\n\n\n<p>Notendur geta og er \u00e1vallt heimilt a\u00f0 stilla vafrann sinn \u00feannig a\u00f0 notkun \u00e1 k\u00f6kum er h\u00e6tt, \u00feannig a\u00f0 \u00fe\u00e6r vistast ekki e\u00f0a vefvafrinn bi\u00f0ur um leyfi notenda fyrst. Sl\u00edkar breytingar geta dregi\u00f0 \u00far a\u00f0gengi a\u00f0 tilteknum s\u00ed\u00f0um \u00e1 vefsv\u00e6\u00f0inu e\u00f0a vefsv\u00e6\u00f0inu \u00ed heild sinni og getur haft neikv\u00e6\u00f0 \u00e1hrif \u00e1 heildarvirkni.<\/p>\n\n\n\n<p>Lei\u00f0beiningar um hvernig megi sl\u00f6kkva \u00e1 k\u00f6kum e\u00f0a breyta stillingum um vafrak\u00f6kur m\u00e1 finna \u00e1 vefs\u00ed\u00f0u \u00fe\u00edns vafra e\u00f0a www.allaboutcookies.org.<\/p>\n\n\n\n<div style=\"height:35px\" aria-hidden=\"true\" class=\"wp-block-spacer\"><\/div>\n\n\n\n<p><strong>Me\u00f0fer\u00f0 Eyesland \u00e1 pers\u00f3nuuppl\u00fdsingum<\/strong><\/p>\n\n\n\n<p>Pers\u00f3nuuppl\u00fdsingar sem kunna a\u00f0 ver\u00f0a til vi\u00f0 notkun \u00e1 vafrak\u00f6kum ver\u00f0a me\u00f0h\u00f6ndla\u00f0ar og unni\u00f0 me\u00f0 \u00fe\u00e6r \u00ed samr\u00e6mi vi\u00f0 \u00e1kv\u00e6\u00f0i laga nr. 77\/2000 um pers\u00f3nuvernd og me\u00f0fer\u00f0 pers\u00f3nuuppl\u00fdsinga. Eyesland l\u00fdsir \u00fev\u00ed yfir a\u00f0 ekki ver\u00f0i unni\u00f0 me\u00f0 sl\u00edkar uppl\u00fdsingar \u00ed \u00f6\u00f0rum tilgangi en a\u00f0 ofan greinir nema me\u00f0 yfirl\u00fdstu sam\u00feykki og \u00fe\u00e1 ver\u00f0a uppl\u00fdsingarnar ekki var\u00f0veittar lengur en \u00fe\u00f6rf krefur mi\u00f0a\u00f0 vi\u00f0 tilgang vinnslu.<\/p>\n\n\n\n<p>Pers\u00f3nuuppl\u00fdsingar ver\u00f0a ekki afhentar \u00feri\u00f0ja a\u00f0ila nema l\u00f6g kve\u00f0i \u00e1 um anna\u00f0.<\/p>","protected":false},"excerpt":{"rendered":"<p>Notendaskilm\u00e1lar \u00deessir skilm\u00e1lar gilda um s\u00f6lu \u00e1 v\u00f6rum og \u00fej\u00f3nustu Eyesland til neytenda. Eyesland.is og Eyesland gleraugnaverslanir eru reknar af Provision ehf., kt. 650507-3200, Grandagar\u00f0i 13, 101 Reykjav\u00edk, vir\u00f0isaukaskattsn\u00famer: 98627. Eyesland er \u00fej\u00f3nustua\u00f0ili fyrir allar v\u00f6rur og \u00fej\u00f3nustu sem fer \u00ed gegnum vefinn eyesland.is og\u00a0 dutyfree.eyesland.is Afhending v\u00f6ru Allar pantanir eru afgreiddar n\u00e6sta virka dag [&hellip;]<\/p>\n","protected":false},"author":15,"featured_media":0,"parent":0,"menu_order":0,"comment_status":"closed","ping_status":"closed","template":"","meta":{"_acf_changed":false,"inline_featured_image":false,"footnotes":""},"class_list":["post-4467","page","type-page","status-publish","hentry"],"acf":[],"yoast_head":"<!-- This site is optimized with the Yoast SEO plugin v27.4 - https:\/\/yoast.com\/product\/yoast-seo-wordpress\/ -->\n<title>Skilm\u00e1lar - Dutyfree Eyesland<\/title>\n<meta name=\"robots\" content=\"index, follow, max-snippet:-1, max-image-preview:large, max-video-preview:-1\" \/>\n<link rel=\"canonical\" href=\"https:\/\/dutyfree.eyesland.is\/en\/skilmalar\/\" \/>\n<meta property=\"og:locale\" content=\"en_US\" \/>\n<meta property=\"og:type\" content=\"article\" \/>\n<meta property=\"og:title\" content=\"Skilm\u00e1lar - Dutyfree Eyesland\" \/>\n<meta property=\"og:description\" content=\"Notendaskilm\u00e1lar \u00deessir skilm\u00e1lar gilda um s\u00f6lu \u00e1 v\u00f6rum og \u00fej\u00f3nustu Eyesland til neytenda. Eyesland.is og Eyesland gleraugnaverslanir eru reknar af Provision ehf., kt. 650507-3200, Grandagar\u00f0i 13, 101 Reykjav\u00edk, vir\u00f0isaukaskattsn\u00famer: 98627. Eyesland er \u00fej\u00f3nustua\u00f0ili fyrir allar v\u00f6rur og \u00fej\u00f3nustu sem fer \u00ed gegnum vefinn eyesland.is og\u00a0 dutyfree.eyesland.is Afhending v\u00f6ru Allar pantanir eru afgreiddar n\u00e6sta virka dag [&hellip;]\" \/>\n<meta property=\"og:url\" content=\"https:\/\/dutyfree.eyesland.is\/en\/skilmalar\/\" \/>\n<meta property=\"og:site_name\" content=\"Dutyfree Eyesland\" \/>\n<meta property=\"article:modified_time\" content=\"2023-04-28T11:32:31+00:00\" \/>\n<meta name=\"twitter:card\" content=\"summary_large_image\" \/>\n<meta name=\"twitter:label1\" content=\"Est. reading time\" \/>\n\t<meta name=\"twitter:data1\" content=\"8 minutes\" \/>\n<script type=\"application\/ld+json\" class=\"yoast-schema-graph\">{\"@context\":\"https:\\\/\\\/schema.org\",\"@graph\":[{\"@type\":\"WebPage\",\"@id\":\"https:\\\/\\\/dutyfree.eyesland.is\\\/skilmalar\\\/\",\"url\":\"https:\\\/\\\/dutyfree.eyesland.is\\\/skilmalar\\\/\",\"name\":\"Skilm\u00e1lar - Dutyfree Eyesland\",\"isPartOf\":{\"@id\":\"https:\\\/\\\/dutyfree.eyesland.is\\\/#website\"},\"datePublished\":\"2021-06-06T19:31:44+00:00\",\"dateModified\":\"2023-04-28T11:32:31+00:00\",\"breadcrumb\":{\"@id\":\"https:\\\/\\\/dutyfree.eyesland.is\\\/skilmalar\\\/#breadcrumb\"},\"inLanguage\":\"en-US\",\"potentialAction\":[{\"@type\":\"ReadAction\",\"target\":[\"https:\\\/\\\/dutyfree.eyesland.is\\\/skilmalar\\\/\"]}]},{\"@type\":\"BreadcrumbList\",\"@id\":\"https:\\\/\\\/dutyfree.eyesland.is\\\/skilmalar\\\/#breadcrumb\",\"itemListElement\":[{\"@type\":\"ListItem\",\"position\":1,\"name\":\"Home\",\"item\":\"https:\\\/\\\/dutyfree.eyesland.is\\\/\"},{\"@type\":\"ListItem\",\"position\":2,\"name\":\"Skilm\u00e1lar\"}]},{\"@type\":\"WebSite\",\"@id\":\"https:\\\/\\\/dutyfree.eyesland.is\\\/#website\",\"url\":\"https:\\\/\\\/dutyfree.eyesland.is\\\/\",\"name\":\"Dutyfree Eyesland\",\"description\":\"Dutyfree Eyesland gleraugnaverslun b\u00fd\u00f0ur upp\u00e1 miki\u00f0 og vanda\u00f0 \u00farval af merkja gleraugum. Sko\u00f0a\u00f0u \u00farvali\u00f0 strax \u00ed dag.\",\"potentialAction\":[{\"@type\":\"SearchAction\",\"target\":{\"@type\":\"EntryPoint\",\"urlTemplate\":\"https:\\\/\\\/dutyfree.eyesland.is\\\/?s={search_term_string}\"},\"query-input\":{\"@type\":\"PropertyValueSpecification\",\"valueRequired\":true,\"valueName\":\"search_term_string\"}}],\"inLanguage\":\"en-US\"}]}<\/script>\n<!-- \/ Yoast SEO plugin. -->","yoast_head_json":{"title":"Skilm\u00e1lar - Dutyfree Eyesland","robots":{"index":"index","follow":"follow","max-snippet":"max-snippet:-1","max-image-preview":"max-image-preview:large","max-video-preview":"max-video-preview:-1"},"canonical":"https:\/\/dutyfree.eyesland.is\/en\/skilmalar\/","og_locale":"en_US","og_type":"article","og_title":"Skilm\u00e1lar - Dutyfree Eyesland","og_description":"Notendaskilm\u00e1lar \u00deessir skilm\u00e1lar gilda um s\u00f6lu \u00e1 v\u00f6rum og \u00fej\u00f3nustu Eyesland til neytenda. Eyesland.is og Eyesland gleraugnaverslanir eru reknar af Provision ehf., kt. 650507-3200, Grandagar\u00f0i 13, 101 Reykjav\u00edk, vir\u00f0isaukaskattsn\u00famer: 98627. Eyesland er \u00fej\u00f3nustua\u00f0ili fyrir allar v\u00f6rur og \u00fej\u00f3nustu sem fer \u00ed gegnum vefinn eyesland.is og\u00a0 dutyfree.eyesland.is Afhending v\u00f6ru Allar pantanir eru afgreiddar n\u00e6sta virka dag [&hellip;]","og_url":"https:\/\/dutyfree.eyesland.is\/en\/skilmalar\/","og_site_name":"Dutyfree Eyesland","article_modified_time":"2023-04-28T11:32:31+00:00","twitter_card":"summary_large_image","twitter_misc":{"Est. reading time":"8 minutes"},"schema":{"@context":"https:\/\/schema.org","@graph":[{"@type":"WebPage","@id":"https:\/\/dutyfree.eyesland.is\/skilmalar\/","url":"https:\/\/dutyfree.eyesland.is\/skilmalar\/","name":"Skilm\u00e1lar - Dutyfree Eyesland","isPartOf":{"@id":"https:\/\/dutyfree.eyesland.is\/#website"},"datePublished":"2021-06-06T19:31:44+00:00","dateModified":"2023-04-28T11:32:31+00:00","breadcrumb":{"@id":"https:\/\/dutyfree.eyesland.is\/skilmalar\/#breadcrumb"},"inLanguage":"en-US","potentialAction":[{"@type":"ReadAction","target":["https:\/\/dutyfree.eyesland.is\/skilmalar\/"]}]},{"@type":"BreadcrumbList","@id":"https:\/\/dutyfree.eyesland.is\/skilmalar\/#breadcrumb","itemListElement":[{"@type":"ListItem","position":1,"name":"Home","item":"https:\/\/dutyfree.eyesland.is\/"},{"@type":"ListItem","position":2,"name":"Skilm\u00e1lar"}]},{"@type":"WebSite","@id":"https:\/\/dutyfree.eyesland.is\/#website","url":"https:\/\/dutyfree.eyesland.is\/","name":"Dutyfree Eyesland","description":"Dutyfree Eyesland gleraugnaverslun b\u00fd\u00f0ur upp\u00e1 miki\u00f0 og vanda\u00f0 \u00farval af merkja gleraugum. Sko\u00f0a\u00f0u \u00farvali\u00f0 strax \u00ed dag.","potentialAction":[{"@type":"SearchAction","target":{"@type":"EntryPoint","urlTemplate":"https:\/\/dutyfree.eyesland.is\/?s={search_term_string}"},"query-input":{"@type":"PropertyValueSpecification","valueRequired":true,"valueName":"search_term_string"}}],"inLanguage":"en-US"}]}},"_links":{"self":[{"href":"https:\/\/dutyfree.eyesland.is\/en\/wp-json\/wp\/v2\/pages\/4467","targetHints":{"allow":["GET"]}}],"collection":[{"href":"https:\/\/dutyfree.eyesland.is\/en\/wp-json\/wp\/v2\/pages"}],"about":[{"href":"https:\/\/dutyfree.eyesland.is\/en\/wp-json\/wp\/v2\/types\/page"}],"author":[{"embeddable":true,"href":"https:\/\/dutyfree.eyesland.is\/en\/wp-json\/wp\/v2\/users\/15"}],"replies":[{"embeddable":true,"href":"https:\/\/dutyfree.eyesland.is\/en\/wp-json\/wp\/v2\/comments?post=4467"}],"version-history":[{"count":16,"href":"https:\/\/dutyfree.eyesland.is\/en\/wp-json\/wp\/v2\/pages\/4467\/revisions"}],"predecessor-version":[{"id":15146,"href":"https:\/\/dutyfree.eyesland.is\/en\/wp-json\/wp\/v2\/pages\/4467\/revisions\/15146"}],"wp:attachment":[{"href":"https:\/\/dutyfree.eyesland.is\/en\/wp-json\/wp\/v2\/media?parent=4467"}],"curies":[{"name":"wp","href":"https:\/\/api.w.org\/{rel}","templated":true}]}}