{"id":4471,"date":"2021-06-06T19:33:08","date_gmt":"2021-06-06T19:33:08","guid":{"rendered":"https:\/\/eyesland.webdev.is\/?page_id=4471"},"modified":"2026-03-03T16:40:39","modified_gmt":"2026-03-03T16:40:39","slug":"um-okkur","status":"publish","type":"page","link":"https:\/\/dutyfree.eyesland.is\/en\/um-okkur\/","title":{"rendered":"About us"},"content":{"rendered":"<p>Eyesland b\u00fd\u00f0ur upp \u00e1 vanda\u00f0a og fram\u00farskarandi \u00fej\u00f3nustu \u00feegar kemur a\u00f0 sj\u00f3nm\u00e6lingum og r\u00e1\u00f0gj\u00f6f \u00ed verslun. L\u00f6g\u00f0 er \u00e1hersla \u00e1 faglega og pers\u00f3nulega \u00fej\u00f3nustu vi\u00f0 val \u00e1 glerjum, gleraugum og \u00fativistargleraugum. V\u00f6ruframbo\u00f0 er breitt og bj\u00f3\u00f0um vi\u00f0 upp \u00e1 gleraugu fyrir alla fj\u00f6lskylduna.<\/p>\n\n\n\n<p>Eyesland var stofnu\u00f0 \u00e1ri\u00f0 2010 me\u00f0&nbsp;\u00fea\u00f0 a\u00f0 lei\u00f0arlj\u00f3si a\u00f0 bj\u00f3\u00f0a vanda\u00f0ar v\u00f6rur \u00e1 g\u00f3\u00f0u ver\u00f0i. Vi\u00f0t\u00f6kurnar voru g\u00f3\u00f0ar og var \u00f6nnur Eyesland gleraugnaverslun opnu\u00f0 \u00e1 Grandagar\u00f0i 13, \u00e1ri\u00f0 2016. Verslunin dregur \u00fatlit sitt og h\u00f6nnun af n\u00e6rumhverfi og m\u00e1 sj\u00e1 skemmtilega tilv\u00edsun \u00ed n\u00e1l\u00e6gt bryggjuhverfi, \u00fear sem falleg litapalletta og efnisval spila saman. <\/p>\n\n\n\n<p>Sj\u00f3nt\u00e6kjafr\u00e6\u00f0ingar okkar hafa margra \u00e1ra reynslu \u00ed faginu og h\u00e6gt er panta sj\u00f3nm\u00e6lingu me\u00f0 sk\u00f6mmum fyrirvara \u00e1 vefs\u00ed\u00f0um Eyesland.<\/p>\n\n\n\n<div style=\"height:41px\" aria-hidden=\"true\" class=\"wp-block-spacer\"><\/div>\n\n\n<div class=\"wp-block-image\">\n<figure class=\"aligncenter size-large is-resized\"><a href=\"https:\/\/dutyfree.eyesland.is\/wp-content\/uploads\/2021\/12\/Cover-mynd_1200x600-2.png\"><img loading=\"lazy\" decoding=\"async\" width=\"1024\" height=\"512\" src=\"https:\/\/dutyfree.eyesland.is\/wp-content\/uploads\/2021\/12\/Cover-mynd_1200x600-2-1024x512.png\" alt=\"\" class=\"wp-image-6804\" style=\"width:768px;height:384px\" srcset=\"https:\/\/dutyfree.eyesland.is\/wp-content\/uploads\/2021\/12\/Cover-mynd_1200x600-2-1024x512.png 1024w, https:\/\/dutyfree.eyesland.is\/wp-content\/uploads\/2021\/12\/Cover-mynd_1200x600-2-300x150.png 300w, https:\/\/dutyfree.eyesland.is\/wp-content\/uploads\/2021\/12\/Cover-mynd_1200x600-2-768x384.png 768w, https:\/\/dutyfree.eyesland.is\/wp-content\/uploads\/2021\/12\/Cover-mynd_1200x600-2-600x300.png 600w, https:\/\/dutyfree.eyesland.is\/wp-content\/uploads\/2021\/12\/Cover-mynd_1200x600-2.png 1200w\" sizes=\"auto, (max-width: 1024px) 100vw, 1024px\" \/><\/a><\/figure>\n<\/div>\n\n\n<div style=\"height:49px\" aria-hidden=\"true\" class=\"wp-block-spacer\"><\/div>\n\n\n\n<p>Me\u00f0 tilkomu n\u00fdju Eyesland Duty Free vefverslunar eiga vi\u00f0skiptavinir kost a\u00f0 \u00fev\u00ed a\u00f0 panta gleraugu me\u00f0 s\u00ednum styrk \u00ed vefverslun og s\u00e6kja vi\u00f0 brottf\u00f6r. \u00deetta er st\u00f3rt skref \u00ed \u00e1tt a\u00f0 betri \u00fej\u00f3nustu til okkar vi\u00f0skiptavina. <\/p>\n\n\n\n<div style=\"height:52px\" aria-hidden=\"true\" class=\"wp-block-spacer\"><\/div>\n\n\n\n<hr class=\"wp-block-separator has-text-color has-black-color has-css-opacity has-black-background-color has-background is-style-wide\"\/>\n\n\n\n<div style=\"height:50px\" aria-hidden=\"true\" class=\"wp-block-spacer\"><\/div>\n\n\n\n<p class=\"has-text-align-center\" style=\"font-size:23px\"><strong>S\u00f6lusta\u00f0ir  Eyesland<\/strong><\/p>\n\n\n\n<div style=\"height:50px\" aria-hidden=\"true\" class=\"wp-block-spacer\"><\/div>\n\n\n\n<p class=\"has-text-align-center\"><strong>Eyesland Grandi I Grandagar\u00f0i 13<\/strong><\/p>\n\n\n\n<p class=\"has-text-align-center\">101 Reykjav\u00edk<\/p>\n\n\n\n<p class=\"has-text-align-center\">Opnunart\u00edmar:<\/p>\n\n\n\n<p class=\"has-text-align-center\">Virka daga: 10:00 \u2013 18:00<\/p>\n\n\n\n<div style=\"height:29px\" aria-hidden=\"true\" class=\"wp-block-spacer\"><\/div>\n\n\n\n<p class=\"has-text-align-center\"><strong>Eyesland Gl\u00e6sib\u00e6<\/strong> I \u00c1lfheimar 74, 5.h\u00e6\u00f0<\/p>\n\n\n\n<p class=\"has-text-align-center\">104 Reykjav\u00edk<\/p>\n\n\n\n<p class=\"has-text-align-center\">Opnunart\u00edmar:<\/p>\n\n\n\n<p class=\"has-text-align-center\">Virka daga: 8:30 &#8211; 17:00 <\/p>\n\n\n\n<div style=\"height:40px\" aria-hidden=\"true\" class=\"wp-block-spacer\"><\/div>\n\n\n\n<p class=\"has-text-align-center\"><strong>Eyesland Duty Free<\/strong> I Flugst\u00f6\u00f0 Leifs Eir\u00edkssonar<\/p>\n\n\n\n<p class=\"has-text-align-center\">235 Keflav\u00edkurflugvelli<\/p>\n\n\n\n<p class=\"has-text-align-center\">Opnunart\u00edmar:<\/p>\n\n\n\n<p class=\"has-text-align-center\">Brottfaraverslun opin fyrir flug milli klukkan 05:30 \u2013 18:30.<\/p>\n\n\n\n<p class=\"has-text-align-center\">Athugi\u00f0 a\u00f0 opnunart\u00edmi g\u00e6ti breyst \u00e1n fyrirvara.<\/p>\n\n\n\n<div style=\"height:32px\" aria-hidden=\"true\" class=\"wp-block-spacer\"><\/div>\n\n\n\n<p class=\"has-text-align-center\"><strong>Eyesland Kringlan<\/strong> I Kringlunni 4-7<\/p>\n\n\n\n<p class=\"has-text-align-center\">103 Reykjav\u00edk<\/p>\n\n\n\n<p class=\"has-text-align-center\">Opnunart\u00edmar:<\/p>\n\n\n\n<p class=\"has-text-align-center\">Virka daga: 10:00 &#8211; 18:30 I Laugardaga: 11 &#8211; 18 I Sunnudaga: 12 &#8211; 17<\/p>\n\n\n\n<div style=\"height:32px\" aria-hidden=\"true\" class=\"wp-block-spacer\"><\/div>\n\n\n\n<p class=\"has-text-align-center\"><strong>Eyesland Sp\u00f6ngin<\/strong> I Sp\u00f6nginni 33-39<\/p>\n\n\n\n<p class=\"has-text-align-center\">112 Reykjav\u00edk<\/p>\n\n\n\n<p class=\"has-text-align-center\">Opnunart\u00edmar:<\/p>\n\n\n\n<p class=\"has-text-align-center\">Virka daga: 11:00 \u2013 17:30<\/p>\n\n\n\n<div style=\"height:32px\" aria-hidden=\"true\" class=\"wp-block-spacer\"><\/div>\n\n\n\n<p class=\"has-text-align-center\"><strong>Vefverslun Eyesland<\/strong><\/p>\n\n\n\n<p class=\"has-text-align-center\">vefverslun@eyesland.is<\/p>","protected":false},"excerpt":{"rendered":"<p>Eyesland b\u00fd\u00f0ur upp \u00e1 vanda\u00f0a og fram\u00farskarandi \u00fej\u00f3nustu \u00feegar kemur a\u00f0 sj\u00f3nm\u00e6lingum og r\u00e1\u00f0gj\u00f6f \u00ed verslun. L\u00f6g\u00f0 er \u00e1hersla \u00e1 faglega og pers\u00f3nulega \u00fej\u00f3nustu vi\u00f0 val \u00e1 glerjum, gleraugum og \u00fativistargleraugum. V\u00f6ruframbo\u00f0 er breitt og bj\u00f3\u00f0um vi\u00f0 upp \u00e1 gleraugu fyrir alla fj\u00f6lskylduna. Eyesland var stofnu\u00f0 \u00e1ri\u00f0 2010 me\u00f0&nbsp;\u00fea\u00f0 a\u00f0 lei\u00f0arlj\u00f3si a\u00f0 bj\u00f3\u00f0a vanda\u00f0ar v\u00f6rur [&hellip;]<\/p>\n","protected":false},"author":15,"featured_media":0,"parent":0,"menu_order":0,"comment_status":"closed","ping_status":"closed","template":"","meta":{"_acf_changed":false,"inline_featured_image":false,"footnotes":""},"class_list":["post-4471","page","type-page","status-publish","hentry"],"acf":[],"yoast_head":"<!-- This site is optimized with the Yoast SEO plugin v27.4 - https:\/\/yoast.com\/product\/yoast-seo-wordpress\/ -->\n<title>Um okkur - Dutyfree Eyesland<\/title>\n<meta name=\"robots\" content=\"index, follow, max-snippet:-1, max-image-preview:large, max-video-preview:-1\" \/>\n<link rel=\"canonical\" href=\"https:\/\/dutyfree.eyesland.is\/en\/um-okkur\/\" \/>\n<meta property=\"og:locale\" content=\"en_US\" \/>\n<meta property=\"og:type\" content=\"article\" \/>\n<meta property=\"og:title\" content=\"Um okkur - Dutyfree Eyesland\" \/>\n<meta property=\"og:description\" content=\"Eyesland b\u00fd\u00f0ur upp \u00e1 vanda\u00f0a og fram\u00farskarandi \u00fej\u00f3nustu \u00feegar kemur a\u00f0 sj\u00f3nm\u00e6lingum og r\u00e1\u00f0gj\u00f6f \u00ed verslun. L\u00f6g\u00f0 er \u00e1hersla \u00e1 faglega og pers\u00f3nulega \u00fej\u00f3nustu vi\u00f0 val \u00e1 glerjum, gleraugum og \u00fativistargleraugum. V\u00f6ruframbo\u00f0 er breitt og bj\u00f3\u00f0um vi\u00f0 upp \u00e1 gleraugu fyrir alla fj\u00f6lskylduna. Eyesland var stofnu\u00f0 \u00e1ri\u00f0 2010 me\u00f0&nbsp;\u00fea\u00f0 a\u00f0 lei\u00f0arlj\u00f3si a\u00f0 bj\u00f3\u00f0a vanda\u00f0ar v\u00f6rur [&hellip;]\" \/>\n<meta property=\"og:url\" content=\"https:\/\/dutyfree.eyesland.is\/en\/um-okkur\/\" \/>\n<meta property=\"og:site_name\" content=\"Dutyfree Eyesland\" \/>\n<meta property=\"article:modified_time\" content=\"2026-03-03T16:40:39+00:00\" \/>\n<meta property=\"og:image\" content=\"https:\/\/dutyfree.eyesland.is\/wp-content\/uploads\/2021\/12\/Cover-mynd_1200x600-2.png\" \/>\n\t<meta property=\"og:image:width\" content=\"1200\" \/>\n\t<meta property=\"og:image:height\" content=\"600\" \/>\n\t<meta property=\"og:image:type\" content=\"image\/png\" \/>\n<meta name=\"twitter:card\" content=\"summary_large_image\" \/>\n<meta name=\"twitter:label1\" content=\"Est. reading time\" \/>\n\t<meta name=\"twitter:data1\" content=\"2 minutes\" \/>\n<script type=\"application\/ld+json\" class=\"yoast-schema-graph\">{\"@context\":\"https:\\\/\\\/schema.org\",\"@graph\":[{\"@type\":\"WebPage\",\"@id\":\"https:\\\/\\\/dutyfree.eyesland.is\\\/um-okkur\\\/\",\"url\":\"https:\\\/\\\/dutyfree.eyesland.is\\\/um-okkur\\\/\",\"name\":\"Um okkur - Dutyfree Eyesland\",\"isPartOf\":{\"@id\":\"https:\\\/\\\/dutyfree.eyesland.is\\\/#website\"},\"primaryImageOfPage\":{\"@id\":\"https:\\\/\\\/dutyfree.eyesland.is\\\/um-okkur\\\/#primaryimage\"},\"image\":{\"@id\":\"https:\\\/\\\/dutyfree.eyesland.is\\\/um-okkur\\\/#primaryimage\"},\"thumbnailUrl\":\"https:\\\/\\\/dutyfree.eyesland.is\\\/wp-content\\\/uploads\\\/2021\\\/12\\\/Cover-mynd_1200x600-2-1024x512.png\",\"datePublished\":\"2021-06-06T19:33:08+00:00\",\"dateModified\":\"2026-03-03T16:40:39+00:00\",\"breadcrumb\":{\"@id\":\"https:\\\/\\\/dutyfree.eyesland.is\\\/um-okkur\\\/#breadcrumb\"},\"inLanguage\":\"en-US\",\"potentialAction\":[{\"@type\":\"ReadAction\",\"target\":[\"https:\\\/\\\/dutyfree.eyesland.is\\\/um-okkur\\\/\"]}]},{\"@type\":\"ImageObject\",\"inLanguage\":\"en-US\",\"@id\":\"https:\\\/\\\/dutyfree.eyesland.is\\\/um-okkur\\\/#primaryimage\",\"url\":\"https:\\\/\\\/dutyfree.eyesland.is\\\/wp-content\\\/uploads\\\/2021\\\/12\\\/Cover-mynd_1200x600-2-1024x512.png\",\"contentUrl\":\"https:\\\/\\\/dutyfree.eyesland.is\\\/wp-content\\\/uploads\\\/2021\\\/12\\\/Cover-mynd_1200x600-2-1024x512.png\"},{\"@type\":\"BreadcrumbList\",\"@id\":\"https:\\\/\\\/dutyfree.eyesland.is\\\/um-okkur\\\/#breadcrumb\",\"itemListElement\":[{\"@type\":\"ListItem\",\"position\":1,\"name\":\"Home\",\"item\":\"https:\\\/\\\/dutyfree.eyesland.is\\\/\"},{\"@type\":\"ListItem\",\"position\":2,\"name\":\"Um okkur\"}]},{\"@type\":\"WebSite\",\"@id\":\"https:\\\/\\\/dutyfree.eyesland.is\\\/#website\",\"url\":\"https:\\\/\\\/dutyfree.eyesland.is\\\/\",\"name\":\"Dutyfree Eyesland\",\"description\":\"Dutyfree Eyesland gleraugnaverslun b\u00fd\u00f0ur upp\u00e1 miki\u00f0 og vanda\u00f0 \u00farval af merkja gleraugum. Sko\u00f0a\u00f0u \u00farvali\u00f0 strax \u00ed dag.\",\"potentialAction\":[{\"@type\":\"SearchAction\",\"target\":{\"@type\":\"EntryPoint\",\"urlTemplate\":\"https:\\\/\\\/dutyfree.eyesland.is\\\/?s={search_term_string}\"},\"query-input\":{\"@type\":\"PropertyValueSpecification\",\"valueRequired\":true,\"valueName\":\"search_term_string\"}}],\"inLanguage\":\"en-US\"}]}<\/script>\n<!-- \/ Yoast SEO plugin. -->","yoast_head_json":{"title":"Um okkur - Dutyfree Eyesland","robots":{"index":"index","follow":"follow","max-snippet":"max-snippet:-1","max-image-preview":"max-image-preview:large","max-video-preview":"max-video-preview:-1"},"canonical":"https:\/\/dutyfree.eyesland.is\/en\/um-okkur\/","og_locale":"en_US","og_type":"article","og_title":"Um okkur - Dutyfree Eyesland","og_description":"Eyesland b\u00fd\u00f0ur upp \u00e1 vanda\u00f0a og fram\u00farskarandi \u00fej\u00f3nustu \u00feegar kemur a\u00f0 sj\u00f3nm\u00e6lingum og r\u00e1\u00f0gj\u00f6f \u00ed verslun. L\u00f6g\u00f0 er \u00e1hersla \u00e1 faglega og pers\u00f3nulega \u00fej\u00f3nustu vi\u00f0 val \u00e1 glerjum, gleraugum og \u00fativistargleraugum. V\u00f6ruframbo\u00f0 er breitt og bj\u00f3\u00f0um vi\u00f0 upp \u00e1 gleraugu fyrir alla fj\u00f6lskylduna. Eyesland var stofnu\u00f0 \u00e1ri\u00f0 2010 me\u00f0&nbsp;\u00fea\u00f0 a\u00f0 lei\u00f0arlj\u00f3si a\u00f0 bj\u00f3\u00f0a vanda\u00f0ar v\u00f6rur [&hellip;]","og_url":"https:\/\/dutyfree.eyesland.is\/en\/um-okkur\/","og_site_name":"Dutyfree Eyesland","article_modified_time":"2026-03-03T16:40:39+00:00","og_image":[{"width":1200,"height":600,"url":"https:\/\/dutyfree.eyesland.is\/wp-content\/uploads\/2021\/12\/Cover-mynd_1200x600-2.png","type":"image\/png"}],"twitter_card":"summary_large_image","twitter_misc":{"Est. reading time":"2 minutes"},"schema":{"@context":"https:\/\/schema.org","@graph":[{"@type":"WebPage","@id":"https:\/\/dutyfree.eyesland.is\/um-okkur\/","url":"https:\/\/dutyfree.eyesland.is\/um-okkur\/","name":"Um okkur - Dutyfree Eyesland","isPartOf":{"@id":"https:\/\/dutyfree.eyesland.is\/#website"},"primaryImageOfPage":{"@id":"https:\/\/dutyfree.eyesland.is\/um-okkur\/#primaryimage"},"image":{"@id":"https:\/\/dutyfree.eyesland.is\/um-okkur\/#primaryimage"},"thumbnailUrl":"https:\/\/dutyfree.eyesland.is\/wp-content\/uploads\/2021\/12\/Cover-mynd_1200x600-2-1024x512.png","datePublished":"2021-06-06T19:33:08+00:00","dateModified":"2026-03-03T16:40:39+00:00","breadcrumb":{"@id":"https:\/\/dutyfree.eyesland.is\/um-okkur\/#breadcrumb"},"inLanguage":"en-US","potentialAction":[{"@type":"ReadAction","target":["https:\/\/dutyfree.eyesland.is\/um-okkur\/"]}]},{"@type":"ImageObject","inLanguage":"en-US","@id":"https:\/\/dutyfree.eyesland.is\/um-okkur\/#primaryimage","url":"https:\/\/dutyfree.eyesland.is\/wp-content\/uploads\/2021\/12\/Cover-mynd_1200x600-2-1024x512.png","contentUrl":"https:\/\/dutyfree.eyesland.is\/wp-content\/uploads\/2021\/12\/Cover-mynd_1200x600-2-1024x512.png"},{"@type":"BreadcrumbList","@id":"https:\/\/dutyfree.eyesland.is\/um-okkur\/#breadcrumb","itemListElement":[{"@type":"ListItem","position":1,"name":"Home","item":"https:\/\/dutyfree.eyesland.is\/"},{"@type":"ListItem","position":2,"name":"Um okkur"}]},{"@type":"WebSite","@id":"https:\/\/dutyfree.eyesland.is\/#website","url":"https:\/\/dutyfree.eyesland.is\/","name":"Dutyfree Eyesland","description":"Dutyfree Eyesland gleraugnaverslun b\u00fd\u00f0ur upp\u00e1 miki\u00f0 og vanda\u00f0 \u00farval af merkja gleraugum. Sko\u00f0a\u00f0u \u00farvali\u00f0 strax \u00ed dag.","potentialAction":[{"@type":"SearchAction","target":{"@type":"EntryPoint","urlTemplate":"https:\/\/dutyfree.eyesland.is\/?s={search_term_string}"},"query-input":{"@type":"PropertyValueSpecification","valueRequired":true,"valueName":"search_term_string"}}],"inLanguage":"en-US"}]}},"_links":{"self":[{"href":"https:\/\/dutyfree.eyesland.is\/en\/wp-json\/wp\/v2\/pages\/4471","targetHints":{"allow":["GET"]}}],"collection":[{"href":"https:\/\/dutyfree.eyesland.is\/en\/wp-json\/wp\/v2\/pages"}],"about":[{"href":"https:\/\/dutyfree.eyesland.is\/en\/wp-json\/wp\/v2\/types\/page"}],"author":[{"embeddable":true,"href":"https:\/\/dutyfree.eyesland.is\/en\/wp-json\/wp\/v2\/users\/15"}],"replies":[{"embeddable":true,"href":"https:\/\/dutyfree.eyesland.is\/en\/wp-json\/wp\/v2\/comments?post=4471"}],"version-history":[{"count":42,"href":"https:\/\/dutyfree.eyesland.is\/en\/wp-json\/wp\/v2\/pages\/4471\/revisions"}],"predecessor-version":[{"id":17310,"href":"https:\/\/dutyfree.eyesland.is\/en\/wp-json\/wp\/v2\/pages\/4471\/revisions\/17310"}],"wp:attachment":[{"href":"https:\/\/dutyfree.eyesland.is\/en\/wp-json\/wp\/v2\/media?parent=4471"}],"curies":[{"name":"wp","href":"https:\/\/api.w.org\/{rel}","templated":true}]}}